{"id":4380,"date":"2017-10-19T21:15:39","date_gmt":"2017-10-19T21:15:39","guid":{"rendered":"http:\/\/pa-cycling.cc\/trips\/"},"modified":"2026-03-12T19:18:46","modified_gmt":"2026-03-12T19:18:46","slug":"trips","status":"publish","type":"page","link":"https:\/\/pa-cycling.cc\/it\/trips\/","title":{"rendered":"VIAGGI"},"content":{"rendered":"<div id='fulladventures'  class='avia-section av-6sfgl-6-5f1e1215a9aa938b423d756110db98af main_color avia-section-small avia-no-border-styling  avia-builder-el-0  el_before_av_section  avia-builder-el-first  avia-bg-style-scroll container_wrap fullsize'  ><div class='container av-section-cont-open' ><main  role=\"main\" itemprop=\"mainContentOfPage\"  class='template-page content  av-content-full alpha units'><div class='post-entry post-entry-type-page post-entry-4380'><div class='entry-content-wrapper clearfix'>\n\n<style type=\"text\/css\" data-created_by=\"avia_inline_auto\" id=\"style-css-av-av_one_full-a6dcda82500afa30291e4474de0649fc\">\n#top .flex_column.av-av_one_full-a6dcda82500afa30291e4474de0649fc{\nmargin-top:10px;\nmargin-bottom:10px;\n}\n.flex_column.av-av_one_full-a6dcda82500afa30291e4474de0649fc{\npadding:10px 10px 10px 10px;\nbackground-color:rgba(71,170,164,0.08);\n}\n.responsive #top #wrap_all .flex_column.av-av_one_full-a6dcda82500afa30291e4474de0649fc{\nmargin-top:10px;\nmargin-bottom:10px;\n}\n<\/style>\n<div  class='flex_column av-av_one_full-a6dcda82500afa30291e4474de0649fc av_one_full  avia-builder-el-1  avia-builder-el-no-sibling  first flex_column_div av-animated-generic fade-in  '     ><p>\n<style type=\"text\/css\" data-created_by=\"avia_inline_auto\" id=\"style-css-av-av_heading-257fbcd5b30e7648bcaef026d369617e\">\n#top .av-special-heading.av-av_heading-257fbcd5b30e7648bcaef026d369617e{\npadding-bottom:10px;\nfont-size:52px;\n}\nbody .av-special-heading.av-av_heading-257fbcd5b30e7648bcaef026d369617e .av-special-heading-tag .heading-char{\nfont-size:25px;\n}\n#top #wrap_all .av-special-heading.av-av_heading-257fbcd5b30e7648bcaef026d369617e .av-special-heading-tag{\nfont-size:52px;\n}\n.av-special-heading.av-av_heading-257fbcd5b30e7648bcaef026d369617e .av-subheading{\nfont-size:15px;\n}\n\n@media only screen and (min-width: 480px) and (max-width: 767px){ \n#top #wrap_all .av-special-heading.av-av_heading-257fbcd5b30e7648bcaef026d369617e .av-special-heading-tag{\nfont-size:0.8em;\n}\n}\n\n@media only screen and (max-width: 479px){ \n#top #wrap_all .av-special-heading.av-av_heading-257fbcd5b30e7648bcaef026d369617e .av-special-heading-tag{\nfont-size:0.8em;\n}\n}\n<\/style>\n<div  class='av-special-heading av-av_heading-257fbcd5b30e7648bcaef026d369617e av-special-heading-h1 blockquote modern-quote modern-centered  avia-builder-el-2  el_before_av_codeblock  avia-builder-el-first  av-inherit-size av-linked-heading'><h1 class='av-special-heading-tag '  itemprop=\"headline\"  >2026 ADVENTURES<\/h1><div class=\"special-heading-border\"><div class=\"special-heading-inner-border\"><\/div><\/div><\/div><br \/>\n<\/p><\/div>\n\n<\/div><\/div><\/main><!-- close content main element --><\/div><\/div><div id='fulladventures'  class='avia-section av-av_section-21ace1d98bfec69fe9a29a75408c5db4 main_color avia-section-small avia-no-border-styling  avia-builder-el-4  el_after_av_section  el_before_av_section  avia-bg-style-scroll container_wrap fullsize'  ><div class='container av-section-cont-open' ><div class='template-page content  av-content-full alpha units'><div class='post-entry post-entry-type-page post-entry-4380'><div class='entry-content-wrapper clearfix'>\n\n<style type=\"text\/css\" data-created_by=\"avia_inline_auto\" id=\"style-css-av-av_one_full-a6dcda82500afa30291e4474de0649fc\">\n#top .flex_column.av-av_one_full-a6dcda82500afa30291e4474de0649fc{\nmargin-top:10px;\nmargin-bottom:10px;\n}\n.flex_column.av-av_one_full-a6dcda82500afa30291e4474de0649fc{\npadding:10px 10px 10px 10px;\nbackground-color:rgba(71,170,164,0.08);\n}\n.responsive #top #wrap_all .flex_column.av-av_one_full-a6dcda82500afa30291e4474de0649fc{\nmargin-top:10px;\nmargin-bottom:10px;\n}\n<\/style>\n<div  class='flex_column av-av_one_full-a6dcda82500afa30291e4474de0649fc av_one_full  avia-builder-el-5  avia-builder-el-no-sibling  first flex_column_div av-animated-generic fade-in  '     ><p>\n<style type=\"text\/css\" data-created_by=\"avia_inline_auto\" id=\"style-css-av-mmnuovaj-b855576a06c69c02a91342dc455b37f9\">\n#top .av-special-heading.av-mmnuovaj-b855576a06c69c02a91342dc455b37f9{\npadding-bottom:10px;\nfont-size:52px;\n}\nbody .av-special-heading.av-mmnuovaj-b855576a06c69c02a91342dc455b37f9 .av-special-heading-tag .heading-char{\nfont-size:25px;\n}\n#top #wrap_all .av-special-heading.av-mmnuovaj-b855576a06c69c02a91342dc455b37f9 .av-special-heading-tag{\nfont-size:52px;\n}\n.av-special-heading.av-mmnuovaj-b855576a06c69c02a91342dc455b37f9 .av-subheading{\nfont-size:15px;\n}\n\n@media only screen and (min-width: 480px) and (max-width: 767px){ \n#top #wrap_all .av-special-heading.av-mmnuovaj-b855576a06c69c02a91342dc455b37f9 .av-special-heading-tag{\nfont-size:0.8em;\n}\n}\n\n@media only screen and (max-width: 479px){ \n#top #wrap_all .av-special-heading.av-mmnuovaj-b855576a06c69c02a91342dc455b37f9 .av-special-heading-tag{\nfont-size:0.8em;\n}\n}\n<\/style>\n<div  class='av-special-heading av-mmnuovaj-b855576a06c69c02a91342dc455b37f9 av-special-heading-h1 blockquote modern-quote modern-centered  avia-builder-el-6  el_before_av_codeblock  avia-builder-el-first  av-inherit-size av-linked-heading'><h1 class='av-special-heading-tag '  itemprop=\"headline\"  >2027 ADVENTURES<\/h1><div class=\"special-heading-border\"><div class=\"special-heading-inner-border\"><\/div><\/div><\/div><br \/>\n<\/p><\/div><\/div><\/div><\/div><!-- close content main div --><\/div><\/div><div id='cyclingevents'  class='avia-section av-6sfgl-4-10dfbb8dd3a3e49eac662a3c88a3ad09 main_color avia-section-small avia-no-border-styling  avia-builder-el-8  el_after_av_section  avia-builder-el-last  avia-bg-style-scroll container_wrap fullsize'  ><div class='container av-section-cont-open' ><div class='template-page content  av-content-full alpha units'><div class='post-entry post-entry-type-page post-entry-4380'><div class='entry-content-wrapper clearfix'>\n\n<style type=\"text\/css\" data-created_by=\"avia_inline_auto\" id=\"style-css-av-m2ojrg49-a39ddcac926bf9101a94ba3fd8532728\">\n.flex_column.av-m2ojrg49-a39ddcac926bf9101a94ba3fd8532728{\npadding:10px 10px 10px 10px;\nbackground-color:rgba(237,174,68,0.08);\n}\n<\/style>\n<div  class='flex_column av-m2ojrg49-a39ddcac926bf9101a94ba3fd8532728 av_one_full  avia-builder-el-9  avia-builder-el-no-sibling  first flex_column_div  '     ><p>\n<style type=\"text\/css\" data-created_by=\"avia_inline_auto\" id=\"style-css-av-m2oj8wvy-d8294d78760468733d31d0e433977254\">\n#top .av-special-heading.av-m2oj8wvy-d8294d78760468733d31d0e433977254{\npadding-bottom:10px;\nfont-size:52px;\n}\nbody .av-special-heading.av-m2oj8wvy-d8294d78760468733d31d0e433977254 .av-special-heading-tag .heading-char{\nfont-size:25px;\n}\n#top #wrap_all .av-special-heading.av-m2oj8wvy-d8294d78760468733d31d0e433977254 .av-special-heading-tag{\nfont-size:52px;\n}\n.av-special-heading.av-m2oj8wvy-d8294d78760468733d31d0e433977254 .av-subheading{\nfont-size:15px;\n}\n\n@media only screen and (min-width: 480px) and (max-width: 767px){ \n#top #wrap_all .av-special-heading.av-m2oj8wvy-d8294d78760468733d31d0e433977254 .av-special-heading-tag{\nfont-size:0.8em;\n}\n}\n\n@media only screen and (max-width: 479px){ \n#top #wrap_all .av-special-heading.av-m2oj8wvy-d8294d78760468733d31d0e433977254 .av-special-heading-tag{\nfont-size:0.8em;\n}\n}\n<\/style>\n<div  class='av-special-heading av-m2oj8wvy-d8294d78760468733d31d0e433977254 av-special-heading-h1 blockquote modern-quote modern-centered  avia-builder-el-10  el_before_av_masonry_entries  avia-builder-el-no-sibling  av-inherit-size av-linked-heading'><h1 class='av-special-heading-tag '  itemprop=\"headline\"  >SU RICHIESTA<\/h1><div class=\"special-heading-border\"><div class=\"special-heading-inner-border\"><\/div><\/div><\/div><br \/>\n<div id='av-masonry-1' class='av-masonry av-mck91ya2-fc328b59541875c935e339bc55ef3143 noHover av-flex-size av-large-gap av-hover-overlay- av-masonry-animation- av-masonry-col-flexible av-caption-always av-caption-style- av-masonry-entries ' data-post_id=\"4380\"><div class=\"av-masonry-container isotope av-js-disabled\"><div class='av-masonry-entry isotope-item av-masonry-item-no-image all_sort on_demand_sort '><\/div><a href=\"https:\/\/pa-cycling.cc\/it\/trip\/sevilla-donana-cadiz\/\"  id='av-masonry-1-item-12494' data-av-masonry-item='12494' class='av-masonry-entry isotope-item post-12494 trip type-trip status-publish format-standard has-post-thumbnail hentry trip_category-bikepacking_ita trip_year-on_demand all_sort on_demand_sort  av-masonry-item-with-image' title=\"DON\u0303ANA\"   itemscope=\"itemscope\" itemtype=\"https:\/\/schema.org\/CreativeWork\" ><div class='av-inner-masonry-sizer'><\/div><figure class='av-inner-masonry main_color'><div class=\"av-masonry-outerimage-container\"><div class='av-masonry-image-container'  ><img decoding=\"async\" width=\"529\" height=\"705\" fetchpriority=\"high\" class=\"wp-image-14182 avia-img-lazy-loading-not-14182\"  src=\"https:\/\/pa-cycling.cc\/wp-content\/uploads\/2022\/12\/DONANA-scaled-529x705.jpg\" title=\"DON\u0303ANA\" alt=\"\" srcset=\"https:\/\/pa-cycling.cc\/wp-content\/uploads\/2022\/12\/DONANA-scaled-529x705.jpg 529w, https:\/\/pa-cycling.cc\/wp-content\/uploads\/2022\/12\/DONANA-scaled-225x300.jpg 225w, https:\/\/pa-cycling.cc\/wp-content\/uploads\/2022\/12\/DONANA-scaled-773x1030.jpg 773w, https:\/\/pa-cycling.cc\/wp-content\/uploads\/2022\/12\/DONANA-scaled-768x1024.jpg 768w, https:\/\/pa-cycling.cc\/wp-content\/uploads\/2022\/12\/DONANA-scaled-1152x1536.jpg 1152w, https:\/\/pa-cycling.cc\/wp-content\/uploads\/2022\/12\/DONANA-scaled-1536x2048.jpg 1536w, https:\/\/pa-cycling.cc\/wp-content\/uploads\/2022\/12\/DONANA-scaled-1125x1500.jpg 1125w, https:\/\/pa-cycling.cc\/wp-content\/uploads\/2022\/12\/DONANA-scaled-450x600.jpg 450w, https:\/\/pa-cycling.cc\/wp-content\/uploads\/2022\/12\/DONANA-scaled-600x800.jpg 600w, https:\/\/pa-cycling.cc\/wp-content\/uploads\/2022\/12\/DONANA-scaled.jpg 1920w\" sizes=\"(max-width: 529px) 100vw, 529px\" \/><\/div><\/div><figcaption class='av-inner-masonry-content site-background'><div class='av-inner-masonry-content-pos'><div class='av-inner-masonry-content-pos-content'><div class='avia-arrow'><\/div><h3 class='av-masonry-entry-title entry-title '  itemprop=\"headline\" >Sevilla \u2014 Do\u00f1ana \u2014 C\u00e1diz<\/h3><div class='av-masonry-entry-content entry-content'  itemprop=\"text\" >Dal 1 al 6 gennaio 2025 | 6 giorni | Medio | 200 km<br \/>\r\n<br \/>\r\nUn viaggio indimenticabile dalla splendida citt\u00e0 di Siviglia alla storica citt\u00e0 di Cadice, percorrendo la costa del Parco Nazionale di Do\u00f1ana.<\/div><\/div><\/div><\/figcaption><\/figure><\/a><!--end av-masonry entry--><a href=\"https:\/\/pa-cycling.cc\/it\/trip\/carretera-austral\/\"  id='av-masonry-1-item-5807' data-av-masonry-item='5807' class='av-masonry-entry isotope-item post-5807 trip type-trip status-publish format-standard has-post-thumbnail hentry trip_category-bikepacking_ita trip_year-on_demand all_sort on_demand_sort  av-masonry-item-with-image' title=\"CARRETERA AUSTRAL\"   itemscope=\"itemscope\" itemtype=\"https:\/\/schema.org\/CreativeWork\" ><div class='av-inner-masonry-sizer'><\/div><figure class='av-inner-masonry main_color'><div class=\"av-masonry-outerimage-container\"><div class='av-masonry-image-container'  ><img decoding=\"async\" width=\"529\" height=\"705\" fetchpriority=\"high\" class=\"wp-image-14330 avia-img-lazy-loading-not-14330\"  src=\"https:\/\/pa-cycling.cc\/wp-content\/uploads\/2021\/01\/CARRETERA-AUSTRAL-1-scaled-529x705.jpg\" title=\"CARRETERA AUSTRAL\" alt=\"\" srcset=\"https:\/\/pa-cycling.cc\/wp-content\/uploads\/2021\/01\/CARRETERA-AUSTRAL-1-scaled-529x705.jpg 529w, https:\/\/pa-cycling.cc\/wp-content\/uploads\/2021\/01\/CARRETERA-AUSTRAL-1-scaled-225x300.jpg 225w, https:\/\/pa-cycling.cc\/wp-content\/uploads\/2021\/01\/CARRETERA-AUSTRAL-1-scaled-773x1030.jpg 773w, https:\/\/pa-cycling.cc\/wp-content\/uploads\/2021\/01\/CARRETERA-AUSTRAL-1-scaled-768x1024.jpg 768w, https:\/\/pa-cycling.cc\/wp-content\/uploads\/2021\/01\/CARRETERA-AUSTRAL-1-scaled-1152x1536.jpg 1152w, https:\/\/pa-cycling.cc\/wp-content\/uploads\/2021\/01\/CARRETERA-AUSTRAL-1-scaled-1536x2048.jpg 1536w, https:\/\/pa-cycling.cc\/wp-content\/uploads\/2021\/01\/CARRETERA-AUSTRAL-1-scaled-1125x1500.jpg 1125w, https:\/\/pa-cycling.cc\/wp-content\/uploads\/2021\/01\/CARRETERA-AUSTRAL-1-scaled-450x600.jpg 450w, https:\/\/pa-cycling.cc\/wp-content\/uploads\/2021\/01\/CARRETERA-AUSTRAL-1-scaled-600x800.jpg 600w, https:\/\/pa-cycling.cc\/wp-content\/uploads\/2021\/01\/CARRETERA-AUSTRAL-1-scaled.jpg 1920w\" sizes=\"(max-width: 529px) 100vw, 529px\" \/><\/div><\/div><figcaption class='av-inner-masonry-content site-background'><div class='av-inner-masonry-content-pos'><div class='av-inner-masonry-content-pos-content'><div class='avia-arrow'><\/div><h3 class='av-masonry-entry-title entry-title '  itemprop=\"headline\" >CARRETERA AUSTRAL EROICA IN BIKEPACKING<\/h3><div class='av-masonry-entry-content entry-content'  itemprop=\"text\" >Su richiesta | 19 giorni | Hard | 800 km<br \/>\r\n<br \/>\r\nFinalmente, dopo vari anni, torniamo a solcare la Patagonia lungo la Carretera Austral e con una variante mozzafiato tutta argentina.<\/div><\/div><\/div><\/figcaption><\/figure><\/a><!--end av-masonry entry--><a href=\"https:\/\/pa-cycling.cc\/it\/trip\/costa-rica\/\"  id='av-masonry-1-item-4902' data-av-masonry-item='4902' class='av-masonry-entry isotope-item post-4902 trip type-trip status-publish format-standard has-post-thumbnail hentry trip_category-suport_ita trip_year-on_demand all_sort on_demand_sort  av-masonry-item-with-image' title=\"COSTA RICA\"   itemscope=\"itemscope\" itemtype=\"https:\/\/schema.org\/CreativeWork\" ><div class='av-inner-masonry-sizer'><\/div><figure class='av-inner-masonry main_color'><div class=\"av-masonry-outerimage-container\"><div class='av-masonry-image-container'  ><img decoding=\"async\" width=\"529\" height=\"705\" fetchpriority=\"high\" class=\"wp-image-14319 avia-img-lazy-loading-not-14319\"  src=\"https:\/\/pa-cycling.cc\/wp-content\/uploads\/2019\/12\/COSTA-RICA-scaled-529x705.jpg\" title=\"COSTA RICA\" alt=\"\" srcset=\"https:\/\/pa-cycling.cc\/wp-content\/uploads\/2019\/12\/COSTA-RICA-scaled-529x705.jpg 529w, https:\/\/pa-cycling.cc\/wp-content\/uploads\/2019\/12\/COSTA-RICA-scaled-225x300.jpg 225w, https:\/\/pa-cycling.cc\/wp-content\/uploads\/2019\/12\/COSTA-RICA-scaled-773x1030.jpg 773w, https:\/\/pa-cycling.cc\/wp-content\/uploads\/2019\/12\/COSTA-RICA-scaled-768x1024.jpg 768w, https:\/\/pa-cycling.cc\/wp-content\/uploads\/2019\/12\/COSTA-RICA-scaled-1152x1536.jpg 1152w, https:\/\/pa-cycling.cc\/wp-content\/uploads\/2019\/12\/COSTA-RICA-scaled-1536x2048.jpg 1536w, https:\/\/pa-cycling.cc\/wp-content\/uploads\/2019\/12\/COSTA-RICA-scaled-1125x1500.jpg 1125w, https:\/\/pa-cycling.cc\/wp-content\/uploads\/2019\/12\/COSTA-RICA-scaled-450x600.jpg 450w, https:\/\/pa-cycling.cc\/wp-content\/uploads\/2019\/12\/COSTA-RICA-scaled-600x800.jpg 600w, https:\/\/pa-cycling.cc\/wp-content\/uploads\/2019\/12\/COSTA-RICA-scaled.jpg 1920w\" sizes=\"(max-width: 529px) 100vw, 529px\" \/><\/div><\/div><figcaption class='av-inner-masonry-content site-background'><div class='av-inner-masonry-content-pos'><div class='av-inner-masonry-content-pos-content'><div class='avia-arrow'><\/div><h3 class='av-masonry-entry-title entry-title '  itemprop=\"headline\" >CAPODANNO IN COSTA RICA<\/h3><div class='av-masonry-entry-content entry-content'  itemprop=\"text\" >Dal 26 dicembre 2024 al 05 gennaio 2025 | 10 giorni | Medio | 350 km<br \/>\r\n<br \/>\r\nCosta Rica: un viaggio in bicicletta attraverso la mecca dell'ecoturismo: per 10 giorni e 6 tappe, pedaleremo dall'Oceano Pacifico al Mar dei Caraibi.<\/div><\/div><\/div><\/figcaption><\/figure><\/a><!--end av-masonry entry--><a href=\"https:\/\/pa-cycling.cc\/it\/trip\/el-camino-de-santiago\/\"  id='av-masonry-1-item-4419' data-av-masonry-item='4419' class='av-masonry-entry isotope-item post-4419 trip type-trip status-publish format-standard has-post-thumbnail hentry trip_category-mountainbike-trips-es trip_category-suport_ita bike_types-mtb-es trip_year-on_demand all_sort on_demand_sort  av-masonry-item-with-image' title=\"CAMINO DE SANTIAGO\"   itemscope=\"itemscope\" itemtype=\"https:\/\/schema.org\/CreativeWork\" ><div class='av-inner-masonry-sizer'><\/div><figure class='av-inner-masonry main_color'><div class=\"av-masonry-outerimage-container\"><div class='av-masonry-image-container'  ><img decoding=\"async\" width=\"529\" height=\"705\" fetchpriority=\"high\" class=\"wp-image-14357 avia-img-lazy-loading-not-14357\"  src=\"https:\/\/pa-cycling.cc\/wp-content\/uploads\/2019\/12\/CAMINO-DE-SANTIAGO-scaled-529x705.jpg\" title=\"CAMINO DE SANTIAGO\" alt=\"\" srcset=\"https:\/\/pa-cycling.cc\/wp-content\/uploads\/2019\/12\/CAMINO-DE-SANTIAGO-scaled-529x705.jpg 529w, https:\/\/pa-cycling.cc\/wp-content\/uploads\/2019\/12\/CAMINO-DE-SANTIAGO-scaled-225x300.jpg 225w, https:\/\/pa-cycling.cc\/wp-content\/uploads\/2019\/12\/CAMINO-DE-SANTIAGO-scaled-773x1030.jpg 773w, https:\/\/pa-cycling.cc\/wp-content\/uploads\/2019\/12\/CAMINO-DE-SANTIAGO-scaled-768x1024.jpg 768w, https:\/\/pa-cycling.cc\/wp-content\/uploads\/2019\/12\/CAMINO-DE-SANTIAGO-scaled-1152x1536.jpg 1152w, https:\/\/pa-cycling.cc\/wp-content\/uploads\/2019\/12\/CAMINO-DE-SANTIAGO-scaled-1536x2048.jpg 1536w, https:\/\/pa-cycling.cc\/wp-content\/uploads\/2019\/12\/CAMINO-DE-SANTIAGO-scaled-1125x1500.jpg 1125w, https:\/\/pa-cycling.cc\/wp-content\/uploads\/2019\/12\/CAMINO-DE-SANTIAGO-scaled-450x600.jpg 450w, https:\/\/pa-cycling.cc\/wp-content\/uploads\/2019\/12\/CAMINO-DE-SANTIAGO-scaled-600x800.jpg 600w, https:\/\/pa-cycling.cc\/wp-content\/uploads\/2019\/12\/CAMINO-DE-SANTIAGO-scaled.jpg 1920w\" sizes=\"(max-width: 529px) 100vw, 529px\" \/><\/div><\/div><figcaption class='av-inner-masonry-content site-background'><div class='av-inner-masonry-content-pos'><div class='av-inner-masonry-content-pos-content'><div class='avia-arrow'><\/div><h3 class='av-masonry-entry-title entry-title '  itemprop=\"headline\" >EL CAMINO DE SANTIAGO<\/h3><div class='av-masonry-entry-content entry-content'  itemprop=\"text\" >Su Richiesta | 12 giorni | Medio | 760 km<br \/>\r\n<br \/>\r\nQuesto \u00e8 un viaggio che ogni ciclista dovrebbe fare almeno una volta nella vita. Il Cammino riunisce in se alcuni ingredienti che lo convertono in una esperienza unica.<\/div><\/div><\/div><\/figcaption><\/figure><\/a><!--end av-masonry entry--><a href=\"https:\/\/pa-cycling.cc\/it\/trip\/rome-to-florence-off-road\/\"  id='av-masonry-1-item-4421' data-av-masonry-item='4421' class='av-masonry-entry isotope-item post-4421 trip type-trip status-publish format-standard has-post-thumbnail hentry trip_category-suport_ita trip_year-on_demand all_sort on_demand_sort  av-masonry-item-with-image' title=\"ROMETOFLORENCE\"   itemscope=\"itemscope\" itemtype=\"https:\/\/schema.org\/CreativeWork\" ><div class='av-inner-masonry-sizer'><\/div><figure class='av-inner-masonry main_color'><div class=\"av-masonry-outerimage-container\"><div class='av-masonry-image-container'  ><img decoding=\"async\" width=\"529\" height=\"705\" fetchpriority=\"high\" class=\"wp-image-14351 avia-img-lazy-loading-not-14351\"  src=\"https:\/\/pa-cycling.cc\/wp-content\/uploads\/2019\/12\/ROMETOFLORENCE-scaled-529x705.jpg\" title=\"ROMETOFLORENCE\" alt=\"\" srcset=\"https:\/\/pa-cycling.cc\/wp-content\/uploads\/2019\/12\/ROMETOFLORENCE-scaled-529x705.jpg 529w, https:\/\/pa-cycling.cc\/wp-content\/uploads\/2019\/12\/ROMETOFLORENCE-scaled-225x300.jpg 225w, https:\/\/pa-cycling.cc\/wp-content\/uploads\/2019\/12\/ROMETOFLORENCE-scaled-773x1030.jpg 773w, https:\/\/pa-cycling.cc\/wp-content\/uploads\/2019\/12\/ROMETOFLORENCE-scaled-768x1024.jpg 768w, https:\/\/pa-cycling.cc\/wp-content\/uploads\/2019\/12\/ROMETOFLORENCE-scaled-1152x1536.jpg 1152w, https:\/\/pa-cycling.cc\/wp-content\/uploads\/2019\/12\/ROMETOFLORENCE-scaled-1536x2048.jpg 1536w, https:\/\/pa-cycling.cc\/wp-content\/uploads\/2019\/12\/ROMETOFLORENCE-scaled-1125x1500.jpg 1125w, https:\/\/pa-cycling.cc\/wp-content\/uploads\/2019\/12\/ROMETOFLORENCE-scaled-450x600.jpg 450w, https:\/\/pa-cycling.cc\/wp-content\/uploads\/2019\/12\/ROMETOFLORENCE-scaled-600x800.jpg 600w, https:\/\/pa-cycling.cc\/wp-content\/uploads\/2019\/12\/ROMETOFLORENCE-scaled.jpg 1920w\" sizes=\"(max-width: 529px) 100vw, 529px\" \/><\/div><\/div><figcaption class='av-inner-masonry-content site-background'><div class='av-inner-masonry-content-pos'><div class='av-inner-masonry-content-pos-content'><div class='avia-arrow'><\/div><h3 class='av-masonry-entry-title entry-title '  itemprop=\"headline\" >ROMA FIRENZE OFF ROAD<\/h3><div class='av-masonry-entry-content entry-content'  itemprop=\"text\" >Su richiesta | 9 giorni | Medio Alta | 620 km<br \/>\r\n<br \/>\r\nAlla riscoperta del Bel Paese lungo l'antica Via Francigena, le strade bianche del Chianti, le piste forestali del Monte Amiata e le incredibili Vie Cave dell'Alta Tuscia.<\/div><\/div><\/div><\/figcaption><\/figure><\/a><!--end av-masonry entry--><a href=\"https:\/\/pa-cycling.cc\/it\/trip\/andalusia\/\"  id='av-masonry-1-item-4423' data-av-masonry-item='4423' class='av-masonry-entry isotope-item post-4423 trip type-trip status-publish format-standard has-post-thumbnail hentry trip_category-suport_ita trip_year-on_demand all_sort on_demand_sort  av-masonry-item-with-image' title=\"ANDALUSIA\"   itemscope=\"itemscope\" itemtype=\"https:\/\/schema.org\/CreativeWork\" ><div class='av-inner-masonry-sizer'><\/div><figure class='av-inner-masonry main_color'><div class=\"av-masonry-outerimage-container\"><div class='av-masonry-image-container'  ><img decoding=\"async\" width=\"529\" height=\"705\" fetchpriority=\"high\" class=\"wp-image-14336 avia-img-lazy-loading-not-14336\"  src=\"https:\/\/pa-cycling.cc\/wp-content\/uploads\/2020\/03\/ANDALUSIA-scaled-529x705.jpg\" title=\"ANDALUSIA\" alt=\"\" srcset=\"https:\/\/pa-cycling.cc\/wp-content\/uploads\/2020\/03\/ANDALUSIA-scaled-529x705.jpg 529w, https:\/\/pa-cycling.cc\/wp-content\/uploads\/2020\/03\/ANDALUSIA-scaled-225x300.jpg 225w, https:\/\/pa-cycling.cc\/wp-content\/uploads\/2020\/03\/ANDALUSIA-scaled-773x1030.jpg 773w, https:\/\/pa-cycling.cc\/wp-content\/uploads\/2020\/03\/ANDALUSIA-scaled-768x1024.jpg 768w, https:\/\/pa-cycling.cc\/wp-content\/uploads\/2020\/03\/ANDALUSIA-scaled-1152x1536.jpg 1152w, https:\/\/pa-cycling.cc\/wp-content\/uploads\/2020\/03\/ANDALUSIA-scaled-1536x2048.jpg 1536w, https:\/\/pa-cycling.cc\/wp-content\/uploads\/2020\/03\/ANDALUSIA-scaled-1125x1500.jpg 1125w, https:\/\/pa-cycling.cc\/wp-content\/uploads\/2020\/03\/ANDALUSIA-scaled-450x600.jpg 450w, https:\/\/pa-cycling.cc\/wp-content\/uploads\/2020\/03\/ANDALUSIA-scaled-600x800.jpg 600w, https:\/\/pa-cycling.cc\/wp-content\/uploads\/2020\/03\/ANDALUSIA-scaled.jpg 1920w\" sizes=\"(max-width: 529px) 100vw, 529px\" \/><\/div><\/div><figcaption class='av-inner-masonry-content site-background'><div class='av-inner-masonry-content-pos'><div class='av-inner-masonry-content-pos-content'><div class='avia-arrow'><\/div><h3 class='av-masonry-entry-title entry-title '  itemprop=\"headline\" >ANDALUSIA<\/h3><div class='av-masonry-entry-content entry-content'  itemprop=\"text\" >Su richiesta | 7 giorni | Difficile | 350 km<br \/>\r\n<br \/>\r\nIn questo viaggio toccheremo paeselli e localit\u00e0 uniche dell'Andalusia, la regione pi\u00f9 a sud e, probabilmente, con pi\u00f9 contrasti della Spagna.<\/div><\/div><\/div><\/figcaption><\/figure><\/a><!--end av-masonry entry--><a href=\"https:\/\/pa-cycling.cc\/it\/trip\/south-africa\/\"  id='av-masonry-1-item-4425' data-av-masonry-item='4425' class='av-masonry-entry isotope-item post-4425 trip type-trip status-publish format-standard has-post-thumbnail hentry trip_category-suport_ita trip_year-on_demand all_sort on_demand_sort  av-masonry-item-with-image' title=\"SOUTH AFRICA\"   itemscope=\"itemscope\" itemtype=\"https:\/\/schema.org\/CreativeWork\" ><div class='av-inner-masonry-sizer'><\/div><figure class='av-inner-masonry main_color'><div class=\"av-masonry-outerimage-container\"><div class='av-masonry-image-container'  ><img decoding=\"async\" width=\"529\" height=\"705\" fetchpriority=\"high\" class=\"wp-image-14345 avia-img-lazy-loading-not-14345\"  src=\"https:\/\/pa-cycling.cc\/wp-content\/uploads\/2019\/11\/SOUTH-AFRICA-1-scaled-529x705.jpg\" title=\"SOUTH AFRICA\" alt=\"\" srcset=\"https:\/\/pa-cycling.cc\/wp-content\/uploads\/2019\/11\/SOUTH-AFRICA-1-scaled-529x705.jpg 529w, https:\/\/pa-cycling.cc\/wp-content\/uploads\/2019\/11\/SOUTH-AFRICA-1-scaled-225x300.jpg 225w, https:\/\/pa-cycling.cc\/wp-content\/uploads\/2019\/11\/SOUTH-AFRICA-1-scaled-773x1030.jpg 773w, https:\/\/pa-cycling.cc\/wp-content\/uploads\/2019\/11\/SOUTH-AFRICA-1-scaled-768x1024.jpg 768w, https:\/\/pa-cycling.cc\/wp-content\/uploads\/2019\/11\/SOUTH-AFRICA-1-scaled-1152x1536.jpg 1152w, https:\/\/pa-cycling.cc\/wp-content\/uploads\/2019\/11\/SOUTH-AFRICA-1-scaled-1536x2048.jpg 1536w, https:\/\/pa-cycling.cc\/wp-content\/uploads\/2019\/11\/SOUTH-AFRICA-1-scaled-1125x1500.jpg 1125w, https:\/\/pa-cycling.cc\/wp-content\/uploads\/2019\/11\/SOUTH-AFRICA-1-scaled-450x600.jpg 450w, https:\/\/pa-cycling.cc\/wp-content\/uploads\/2019\/11\/SOUTH-AFRICA-1-scaled-600x800.jpg 600w, https:\/\/pa-cycling.cc\/wp-content\/uploads\/2019\/11\/SOUTH-AFRICA-1-scaled.jpg 1920w\" sizes=\"(max-width: 529px) 100vw, 529px\" \/><\/div><\/div><figcaption class='av-inner-masonry-content site-background'><div class='av-inner-masonry-content-pos'><div class='av-inner-masonry-content-pos-content'><div class='avia-arrow'><\/div><h3 class='av-masonry-entry-title entry-title '  itemprop=\"headline\" >SOUTH AFRICA &#8211; Tankwa Karoo Gravel Adventure<\/h3><div class='av-masonry-entry-content entry-content'  itemprop=\"text\" >Su richiesta | 11 giorni | Medio-Alto | 680 km<br \/>\r\n<br \/>\r\nPedalare attraverso il remoto deserto del Karoo e in particolare nel remoto e accidentato Tankwa, \u00e8 un esperienza unica e irripetibile non accessibile a tutti.<\/div><\/div><\/div><\/figcaption><\/figure><\/a><!--end av-masonry entry--><a href=\"https:\/\/pa-cycling.cc\/it\/trip\/from-the-dolomites-to-venice-gravel-experience\/\"  id='av-masonry-1-item-4409' data-av-masonry-item='4409' class='av-masonry-entry isotope-item post-4409 trip type-trip status-publish format-standard has-post-thumbnail hentry trip_category-suport_ita trip_year-on_demand all_sort on_demand_sort  av-masonry-item-with-image' title=\"VENIC\"   itemscope=\"itemscope\" itemtype=\"https:\/\/schema.org\/CreativeWork\" ><div class='av-inner-masonry-sizer'><\/div><figure class='av-inner-masonry main_color'><div class=\"av-masonry-outerimage-container\"><div class='av-masonry-image-container'  ><img decoding=\"async\" width=\"529\" height=\"705\" fetchpriority=\"high\" class=\"wp-image-14354 avia-img-lazy-loading-not-14354\"  src=\"https:\/\/pa-cycling.cc\/wp-content\/uploads\/2019\/12\/VENIC-scaled-529x705.jpg\" title=\"VENIC\" alt=\"\" srcset=\"https:\/\/pa-cycling.cc\/wp-content\/uploads\/2019\/12\/VENIC-scaled-529x705.jpg 529w, https:\/\/pa-cycling.cc\/wp-content\/uploads\/2019\/12\/VENIC-scaled-225x300.jpg 225w, https:\/\/pa-cycling.cc\/wp-content\/uploads\/2019\/12\/VENIC-scaled-773x1030.jpg 773w, https:\/\/pa-cycling.cc\/wp-content\/uploads\/2019\/12\/VENIC-scaled-768x1024.jpg 768w, https:\/\/pa-cycling.cc\/wp-content\/uploads\/2019\/12\/VENIC-scaled-1152x1536.jpg 1152w, https:\/\/pa-cycling.cc\/wp-content\/uploads\/2019\/12\/VENIC-scaled-1536x2048.jpg 1536w, https:\/\/pa-cycling.cc\/wp-content\/uploads\/2019\/12\/VENIC-scaled-1125x1500.jpg 1125w, https:\/\/pa-cycling.cc\/wp-content\/uploads\/2019\/12\/VENIC-scaled-450x600.jpg 450w, https:\/\/pa-cycling.cc\/wp-content\/uploads\/2019\/12\/VENIC-scaled-600x800.jpg 600w, https:\/\/pa-cycling.cc\/wp-content\/uploads\/2019\/12\/VENIC-scaled.jpg 1920w\" sizes=\"(max-width: 529px) 100vw, 529px\" \/><\/div><\/div><figcaption class='av-inner-masonry-content site-background'><div class='av-inner-masonry-content-pos'><div class='av-inner-masonry-content-pos-content'><div class='avia-arrow'><\/div><h3 class='av-masonry-entry-title entry-title '  itemprop=\"headline\" >DALLE DOLOMITI A VENEZIA IN GRAVEL<\/h3><div class='av-masonry-entry-content entry-content'  itemprop=\"text\" >Su richiesta | 7 giorni | Moderata | 380 km<br \/>\r\n <br \/>\r\nImmagina di pedalare dall\u2019Altopiano di Asiago, con le sue impressionanti strade sterrate della prima guerra mondiale che si spingono oltre i duemila metri di altitudine, fino alla laguna di Venezia.<\/div><\/div><\/div><\/figcaption><\/figure><\/a><!--end av-masonry entry--><a href=\"https:\/\/pa-cycling.cc\/it\/trip\/gravel-grapes-la-rioja\/\"  id='av-masonry-1-item-4413' data-av-masonry-item='4413' class='av-masonry-entry isotope-item post-4413 trip type-trip status-publish format-standard has-post-thumbnail hentry trip_category-mountainbike-trips-es trip_category-suport_ita bike_types-gravel-bike-es trip_year-on_demand all_sort on_demand_sort  av-masonry-item-with-image' title=\"RIOJA\"   itemscope=\"itemscope\" itemtype=\"https:\/\/schema.org\/CreativeWork\" ><div class='av-inner-masonry-sizer'><\/div><figure class='av-inner-masonry main_color'><div class=\"av-masonry-outerimage-container\"><div class='av-masonry-image-container'  ><img decoding=\"async\" width=\"529\" height=\"705\" fetchpriority=\"high\" class=\"wp-image-14360 avia-img-lazy-loading-not-14360\"  src=\"https:\/\/pa-cycling.cc\/wp-content\/uploads\/2018\/12\/RIOJA-scaled-529x705.jpg\" title=\"RIOJA\" alt=\"\" srcset=\"https:\/\/pa-cycling.cc\/wp-content\/uploads\/2018\/12\/RIOJA-scaled-529x705.jpg 529w, https:\/\/pa-cycling.cc\/wp-content\/uploads\/2018\/12\/RIOJA-scaled-225x300.jpg 225w, https:\/\/pa-cycling.cc\/wp-content\/uploads\/2018\/12\/RIOJA-scaled-773x1030.jpg 773w, https:\/\/pa-cycling.cc\/wp-content\/uploads\/2018\/12\/RIOJA-scaled-768x1024.jpg 768w, https:\/\/pa-cycling.cc\/wp-content\/uploads\/2018\/12\/RIOJA-scaled-1152x1536.jpg 1152w, https:\/\/pa-cycling.cc\/wp-content\/uploads\/2018\/12\/RIOJA-scaled-1536x2048.jpg 1536w, https:\/\/pa-cycling.cc\/wp-content\/uploads\/2018\/12\/RIOJA-scaled-1125x1500.jpg 1125w, https:\/\/pa-cycling.cc\/wp-content\/uploads\/2018\/12\/RIOJA-scaled-450x600.jpg 450w, https:\/\/pa-cycling.cc\/wp-content\/uploads\/2018\/12\/RIOJA-scaled-600x800.jpg 600w, https:\/\/pa-cycling.cc\/wp-content\/uploads\/2018\/12\/RIOJA-scaled.jpg 1920w\" sizes=\"(max-width: 529px) 100vw, 529px\" \/><\/div><\/div><figcaption class='av-inner-masonry-content site-background'><div class='av-inner-masonry-content-pos'><div class='av-inner-masonry-content-pos-content'><div class='avia-arrow'><\/div><h3 class='av-masonry-entry-title entry-title '  itemprop=\"headline\" >GRAVEL E UVA NELLA RIOJA<\/h3><div class='av-masonry-entry-content entry-content'  itemprop=\"text\" >Viaggio su richiesta | 3 Giorni | Medio | 210 km <br \/>\r\n<br \/>\r\nLa Rioja, una piccola regione rannicchiata intorno alla valle del fiume Ebro nel nord della Spagna, \u00e8 famosa per la qualit\u00e0 dei suoi vini, la grande quantit\u00e0 di attrazioni culturali e i suoi paesaggi unici.<\/div><\/div><\/div><\/figcaption><\/figure><\/a><!--end av-masonry entry--><a href=\"https:\/\/pa-cycling.cc\/it\/trip\/from-the-atlas-to-the-desert\/\"  id='av-masonry-1-item-4407' data-av-masonry-item='4407' class='av-masonry-entry isotope-item post-4407 trip type-trip status-publish format-standard has-post-thumbnail hentry trip_category-suport_ita trip_year-on_demand all_sort on_demand_sort  av-masonry-item-with-image' title=\"MOROCCO\"   itemscope=\"itemscope\" itemtype=\"https:\/\/schema.org\/CreativeWork\" ><div class='av-inner-masonry-sizer'><\/div><figure class='av-inner-masonry main_color'><div class=\"av-masonry-outerimage-container\"><div class='av-masonry-image-container'  ><img decoding=\"async\" width=\"529\" height=\"705\" fetchpriority=\"high\" class=\"wp-image-14364 avia-img-lazy-loading-not-14364\"  src=\"https:\/\/pa-cycling.cc\/wp-content\/uploads\/2019\/11\/MOROCCO-scaled-529x705.jpg\" title=\"MOROCCO\" alt=\"\" srcset=\"https:\/\/pa-cycling.cc\/wp-content\/uploads\/2019\/11\/MOROCCO-scaled-529x705.jpg 529w, https:\/\/pa-cycling.cc\/wp-content\/uploads\/2019\/11\/MOROCCO-scaled-225x300.jpg 225w, https:\/\/pa-cycling.cc\/wp-content\/uploads\/2019\/11\/MOROCCO-scaled-773x1030.jpg 773w, https:\/\/pa-cycling.cc\/wp-content\/uploads\/2019\/11\/MOROCCO-scaled-768x1024.jpg 768w, https:\/\/pa-cycling.cc\/wp-content\/uploads\/2019\/11\/MOROCCO-scaled-1152x1536.jpg 1152w, https:\/\/pa-cycling.cc\/wp-content\/uploads\/2019\/11\/MOROCCO-scaled-1536x2048.jpg 1536w, https:\/\/pa-cycling.cc\/wp-content\/uploads\/2019\/11\/MOROCCO-scaled-1125x1500.jpg 1125w, https:\/\/pa-cycling.cc\/wp-content\/uploads\/2019\/11\/MOROCCO-scaled-450x600.jpg 450w, https:\/\/pa-cycling.cc\/wp-content\/uploads\/2019\/11\/MOROCCO-scaled-600x800.jpg 600w, https:\/\/pa-cycling.cc\/wp-content\/uploads\/2019\/11\/MOROCCO-scaled.jpg 1920w\" sizes=\"(max-width: 529px) 100vw, 529px\" \/><\/div><\/div><figcaption class='av-inner-masonry-content site-background'><div class='av-inner-masonry-content-pos'><div class='av-inner-masonry-content-pos-content'><div class='avia-arrow'><\/div><h3 class='av-masonry-entry-title entry-title '  itemprop=\"headline\" >MAROCCO: DALL\u00b4ATLANTE AL DESERTO<\/h3><div class='av-masonry-entry-content entry-content'  itemprop=\"text\" >Su richiesta | 7 giorni | Alto | 350 km<br \/>\r\n<br \/>\r\nEsotico ma vicino allo stesso tempo. Normalmente, se vuoi intraprendere un viaggio esotico con una cultura diversa, sono coinvolti voli di 10 ore. Non in Marocco.<\/div><\/div><\/div><\/figcaption><\/figure><\/a><!--end av-masonry entry--><\/div><\/div><\/p><\/div>\n<\/p>\n","protected":false},"excerpt":{"rendered":"","protected":false},"author":7,"featured_media":4310,"parent":0,"menu_order":44,"comment_status":"closed","ping_status":"closed","template":"","meta":{"footnotes":""},"class_list":["post-4380","page","type-page","status-publish","has-post-thumbnail","hentry"],"yoast_head":"<!-- This site is optimized with the Yoast SEO Premium plugin v27.2 (Yoast SEO v27.2) - https:\/\/yoast.com\/product\/yoast-seo-premium-wordpress\/ -->\n<title>VIAGGI - PA-CYCLING<\/title>\n<meta name=\"robots\" content=\"index, follow, max-snippet:-1, max-image-preview:large, max-video-preview:-1\" \/>\n<link rel=\"canonical\" href=\"https:\/\/pa-cycling.cc\/it\/trips\/\" \/>\n<meta property=\"og:locale\" content=\"it_IT\" \/>\n<meta property=\"og:type\" content=\"article\" \/>\n<meta property=\"og:title\" content=\"VIAGGI\" \/>\n<meta property=\"og:url\" content=\"https:\/\/pa-cycling.cc\/it\/trips\/\" \/>\n<meta property=\"og:site_name\" content=\"PA-CYCLING\" \/>\n<meta property=\"article:publisher\" content=\"https:\/\/www.facebook.com\/PACycling.cc\" \/>\n<meta property=\"article:modified_time\" content=\"2026-03-12T19:18:46+00:00\" \/>\n<meta property=\"og:image\" content=\"https:\/\/pa-cycling.cc\/wp-content\/uploads\/2020\/03\/NEW_LOGO_PA-CYCLING-SHORT.jpg\" \/>\n\t<meta property=\"og:image:width\" content=\"1561\" \/>\n\t<meta property=\"og:image:height\" content=\"761\" \/>\n\t<meta property=\"og:image:type\" content=\"image\/jpeg\" \/>\n<meta name=\"twitter:card\" content=\"summary_large_image\" \/>\n<meta name=\"twitter:label1\" content=\"Tempo di lettura stimato\" \/>\n\t<meta name=\"twitter:data1\" content=\"5 minuti\" \/>\n<script type=\"application\/ld+json\" class=\"yoast-schema-graph\">{\"@context\":\"https:\/\/schema.org\",\"@graph\":[{\"@type\":\"WebPage\",\"@id\":\"https:\/\/pa-cycling.cc\/it\/trips\/\",\"url\":\"https:\/\/pa-cycling.cc\/it\/trips\/\",\"name\":\"VIAGGI - PA-CYCLING\",\"isPartOf\":{\"@id\":\"https:\/\/pa-cycling.cc\/#website\"},\"primaryImageOfPage\":{\"@id\":\"https:\/\/pa-cycling.cc\/it\/trips\/#primaryimage\"},\"image\":{\"@id\":\"https:\/\/pa-cycling.cc\/it\/trips\/#primaryimage\"},\"thumbnailUrl\":\"https:\/\/pa-cycling.cc\/wp-content\/uploads\/2020\/03\/NEW_LOGO_PA-CYCLING-SHORT.jpg\",\"datePublished\":\"2017-10-19T21:15:39+00:00\",\"dateModified\":\"2026-03-12T19:18:46+00:00\",\"breadcrumb\":{\"@id\":\"https:\/\/pa-cycling.cc\/it\/trips\/#breadcrumb\"},\"inLanguage\":\"it-IT\",\"potentialAction\":[{\"@type\":\"ReadAction\",\"target\":[\"https:\/\/pa-cycling.cc\/it\/trips\/\"]}]},{\"@type\":\"ImageObject\",\"inLanguage\":\"it-IT\",\"@id\":\"https:\/\/pa-cycling.cc\/it\/trips\/#primaryimage\",\"url\":\"https:\/\/pa-cycling.cc\/wp-content\/uploads\/2020\/03\/NEW_LOGO_PA-CYCLING-SHORT.jpg\",\"contentUrl\":\"https:\/\/pa-cycling.cc\/wp-content\/uploads\/2020\/03\/NEW_LOGO_PA-CYCLING-SHORT.jpg\",\"width\":1561,\"height\":761},{\"@type\":\"BreadcrumbList\",\"@id\":\"https:\/\/pa-cycling.cc\/it\/trips\/#breadcrumb\",\"itemListElement\":[{\"@type\":\"ListItem\",\"position\":1,\"name\":\"Home\",\"item\":\"https:\/\/pa-cycling.cc\/it\/home\/\"},{\"@type\":\"ListItem\",\"position\":2,\"name\":\"VIAGGI\"}]},{\"@type\":\"WebSite\",\"@id\":\"https:\/\/pa-cycling.cc\/#website\",\"url\":\"https:\/\/pa-cycling.cc\/\",\"name\":\"PA-CYCLING\",\"description\":\"Travel with us!\",\"publisher\":{\"@id\":\"https:\/\/pa-cycling.cc\/#organization\"},\"potentialAction\":[{\"@type\":\"SearchAction\",\"target\":{\"@type\":\"EntryPoint\",\"urlTemplate\":\"https:\/\/pa-cycling.cc\/?s={search_term_string}\"},\"query-input\":{\"@type\":\"PropertyValueSpecification\",\"valueRequired\":true,\"valueName\":\"search_term_string\"}}],\"inLanguage\":\"it-IT\"},{\"@type\":\"Organization\",\"@id\":\"https:\/\/pa-cycling.cc\/#organization\",\"name\":\"PA-CYCLING\",\"url\":\"https:\/\/pa-cycling.cc\/\",\"logo\":{\"@type\":\"ImageObject\",\"inLanguage\":\"it-IT\",\"@id\":\"https:\/\/pa-cycling.cc\/#\/schema\/logo\/image\/\",\"url\":\"http:\/\/pa-cycling.cc\/wp-content\/uploads\/2020\/03\/NEW_LOGO_PA-CYCLING-SHORT.jpg\",\"contentUrl\":\"http:\/\/pa-cycling.cc\/wp-content\/uploads\/2020\/03\/NEW_LOGO_PA-CYCLING-SHORT.jpg\",\"width\":1561,\"height\":761,\"caption\":\"PA-CYCLING\"},\"image\":{\"@id\":\"https:\/\/pa-cycling.cc\/#\/schema\/logo\/image\/\"},\"sameAs\":[\"https:\/\/www.facebook.com\/PACycling.cc\",\"https:\/\/www.instagram.com\/pacycling\/\"]}]}<\/script>\n<!-- \/ Yoast SEO Premium plugin. -->","yoast_head_json":{"title":"VIAGGI - PA-CYCLING","robots":{"index":"index","follow":"follow","max-snippet":"max-snippet:-1","max-image-preview":"max-image-preview:large","max-video-preview":"max-video-preview:-1"},"canonical":"https:\/\/pa-cycling.cc\/it\/trips\/","og_locale":"it_IT","og_type":"article","og_title":"VIAGGI","og_url":"https:\/\/pa-cycling.cc\/it\/trips\/","og_site_name":"PA-CYCLING","article_publisher":"https:\/\/www.facebook.com\/PACycling.cc","article_modified_time":"2026-03-12T19:18:46+00:00","og_image":[{"width":1561,"height":761,"url":"https:\/\/pa-cycling.cc\/wp-content\/uploads\/2020\/03\/NEW_LOGO_PA-CYCLING-SHORT.jpg","type":"image\/jpeg"}],"twitter_card":"summary_large_image","twitter_misc":{"Tempo di lettura stimato":"5 minuti"},"schema":{"@context":"https:\/\/schema.org","@graph":[{"@type":"WebPage","@id":"https:\/\/pa-cycling.cc\/it\/trips\/","url":"https:\/\/pa-cycling.cc\/it\/trips\/","name":"VIAGGI - PA-CYCLING","isPartOf":{"@id":"https:\/\/pa-cycling.cc\/#website"},"primaryImageOfPage":{"@id":"https:\/\/pa-cycling.cc\/it\/trips\/#primaryimage"},"image":{"@id":"https:\/\/pa-cycling.cc\/it\/trips\/#primaryimage"},"thumbnailUrl":"https:\/\/pa-cycling.cc\/wp-content\/uploads\/2020\/03\/NEW_LOGO_PA-CYCLING-SHORT.jpg","datePublished":"2017-10-19T21:15:39+00:00","dateModified":"2026-03-12T19:18:46+00:00","breadcrumb":{"@id":"https:\/\/pa-cycling.cc\/it\/trips\/#breadcrumb"},"inLanguage":"it-IT","potentialAction":[{"@type":"ReadAction","target":["https:\/\/pa-cycling.cc\/it\/trips\/"]}]},{"@type":"ImageObject","inLanguage":"it-IT","@id":"https:\/\/pa-cycling.cc\/it\/trips\/#primaryimage","url":"https:\/\/pa-cycling.cc\/wp-content\/uploads\/2020\/03\/NEW_LOGO_PA-CYCLING-SHORT.jpg","contentUrl":"https:\/\/pa-cycling.cc\/wp-content\/uploads\/2020\/03\/NEW_LOGO_PA-CYCLING-SHORT.jpg","width":1561,"height":761},{"@type":"BreadcrumbList","@id":"https:\/\/pa-cycling.cc\/it\/trips\/#breadcrumb","itemListElement":[{"@type":"ListItem","position":1,"name":"Home","item":"https:\/\/pa-cycling.cc\/it\/home\/"},{"@type":"ListItem","position":2,"name":"VIAGGI"}]},{"@type":"WebSite","@id":"https:\/\/pa-cycling.cc\/#website","url":"https:\/\/pa-cycling.cc\/","name":"PA-CYCLING","description":"Travel with us!","publisher":{"@id":"https:\/\/pa-cycling.cc\/#organization"},"potentialAction":[{"@type":"SearchAction","target":{"@type":"EntryPoint","urlTemplate":"https:\/\/pa-cycling.cc\/?s={search_term_string}"},"query-input":{"@type":"PropertyValueSpecification","valueRequired":true,"valueName":"search_term_string"}}],"inLanguage":"it-IT"},{"@type":"Organization","@id":"https:\/\/pa-cycling.cc\/#organization","name":"PA-CYCLING","url":"https:\/\/pa-cycling.cc\/","logo":{"@type":"ImageObject","inLanguage":"it-IT","@id":"https:\/\/pa-cycling.cc\/#\/schema\/logo\/image\/","url":"http:\/\/pa-cycling.cc\/wp-content\/uploads\/2020\/03\/NEW_LOGO_PA-CYCLING-SHORT.jpg","contentUrl":"http:\/\/pa-cycling.cc\/wp-content\/uploads\/2020\/03\/NEW_LOGO_PA-CYCLING-SHORT.jpg","width":1561,"height":761,"caption":"PA-CYCLING"},"image":{"@id":"https:\/\/pa-cycling.cc\/#\/schema\/logo\/image\/"},"sameAs":["https:\/\/www.facebook.com\/PACycling.cc","https:\/\/www.instagram.com\/pacycling\/"]}]}},"_links":{"self":[{"href":"https:\/\/pa-cycling.cc\/it\/wp-json\/wp\/v2\/pages\/4380","targetHints":{"allow":["GET"]}}],"collection":[{"href":"https:\/\/pa-cycling.cc\/it\/wp-json\/wp\/v2\/pages"}],"about":[{"href":"https:\/\/pa-cycling.cc\/it\/wp-json\/wp\/v2\/types\/page"}],"author":[{"embeddable":true,"href":"https:\/\/pa-cycling.cc\/it\/wp-json\/wp\/v2\/users\/7"}],"replies":[{"embeddable":true,"href":"https:\/\/pa-cycling.cc\/it\/wp-json\/wp\/v2\/comments?post=4380"}],"version-history":[{"count":0,"href":"https:\/\/pa-cycling.cc\/it\/wp-json\/wp\/v2\/pages\/4380\/revisions"}],"wp:featuredmedia":[{"embeddable":true,"href":"https:\/\/pa-cycling.cc\/it\/wp-json\/wp\/v2\/media\/4310"}],"wp:attachment":[{"href":"https:\/\/pa-cycling.cc\/it\/wp-json\/wp\/v2\/media?parent=4380"}],"curies":[{"name":"wp","href":"https:\/\/api.w.org\/{rel}","templated":true}]}}